{"id":67,"date":"2016-10-14T10:22:47","date_gmt":"2016-10-14T16:22:47","guid":{"rendered":"http:\/\/www.grupointercenter.com\/clientes\/dento\/?page_id=67"},"modified":"2019-02-28T10:52:43","modified_gmt":"2019-02-28T16:52:43","slug":"especialista-clinica-odontologica-caracas","status":"publish","type":"page","link":"https:\/\/dento.com.ve\/stage1\/especialista-clinica-odontologica-caracas\/","title":{"rendered":"Nosotros"},"content":{"rendered":"<p>[et_pb_section admin_label=&#8221;Section&#8221; global_module=&#8221;167&#8243; fullwidth=&#8221;on&#8221; specialty=&#8221;off&#8221; transparent_background=&#8221;off&#8221; allow_player_pause=&#8221;off&#8221; inner_shadow=&#8221;off&#8221; parallax=&#8221;off&#8221; parallax_method=&#8221;off&#8221; padding_mobile=&#8221;off&#8221; make_fullwidth=&#8221;off&#8221; use_custom_width=&#8221;off&#8221; width_unit=&#8221;on&#8221; make_equal=&#8221;off&#8221; use_custom_gutter=&#8221;off&#8221; background_color=&#8221;#24c3cd&#8221;][et_pb_fullwidth_post_title global_parent=&#8221;167&#8243; admin_label=&#8221;Fullwidth Post Title&#8221; title=&#8221;on&#8221; meta=&#8221;off&#8221; author=&#8221;on&#8221; date=&#8221;off&#8221; categories=&#8221;on&#8221; comments=&#8221;on&#8221; featured_image=&#8221;off&#8221; featured_placement=&#8221;below&#8221; parallax_effect=&#8221;on&#8221; parallax_method=&#8221;on&#8221; text_orientation=&#8221;left&#8221; text_color=&#8221;dark&#8221; text_background=&#8221;off&#8221; text_bg_color=&#8221;rgba(226,226,226,0.9)&#8221; module_bg_color=&#8221;rgba(255,255,255,0)&#8221; title_all_caps=&#8221;off&#8221; use_border_color=&#8221;off&#8221; border_color=&#8221;#ffffff&#8221; border_style=&#8221;solid&#8221; custom_margin=&#8221;0px|||&#8221; custom_padding=&#8221;30px|||30px&#8221; title_font=&#8221;Raleway|||on|&#8221; title_font_size=&#8221;26&#8243; title_text_color=&#8221;#ffffff&#8221;] [\/et_pb_fullwidth_post_title][\/et_pb_section][et_pb_section admin_label=&#8221;section&#8221; transparent_background=&#8221;off&#8221; allow_player_pause=&#8221;off&#8221; inner_shadow=&#8221;off&#8221; parallax=&#8221;off&#8221; parallax_method=&#8221;off&#8221; custom_padding=&#8221;||0px|&#8221; padding_mobile=&#8221;off&#8221; make_fullwidth=&#8221;off&#8221; use_custom_width=&#8221;off&#8221; width_unit=&#8221;on&#8221; make_equal=&#8221;off&#8221; use_custom_gutter=&#8221;off&#8221;][et_pb_row admin_label=&#8221;row&#8221; make_fullwidth=&#8221;off&#8221; use_custom_width=&#8221;off&#8221; width_unit=&#8221;on&#8221; use_custom_gutter=&#8221;off&#8221; custom_padding=&#8221;||0px|&#8221; padding_mobile=&#8221;off&#8221; custom_margin=&#8221;||0px|&#8221; allow_player_pause=&#8221;off&#8221; parallax=&#8221;off&#8221; parallax_method=&#8221;off&#8221; make_equal=&#8221;off&#8221; parallax_1=&#8221;off&#8221; parallax_method_1=&#8221;off&#8221; padding_bottom_1=&#8221;0px&#8221; parallax_2=&#8221;off&#8221; parallax_method_2=&#8221;off&#8221; padding_bottom_2=&#8221;0px&#8221; column_padding_mobile=&#8221;on&#8221;][et_pb_column type=&#8221;1_2&#8243;][et_pb_image admin_label=&#8221;Image&#8221; src=&#8221;http:\/\/www.dento.com.ve\/wp-content\/uploads\/2016\/10\/Dento-Grupo.png&#8221; show_in_lightbox=&#8221;off&#8221; url_new_window=&#8221;off&#8221; use_overlay=&#8221;off&#8221; animation=&#8221;left&#8221; sticky=&#8221;off&#8221; align=&#8221;left&#8221; force_fullwidth=&#8221;off&#8221; always_center_on_mobile=&#8221;on&#8221; use_border_color=&#8221;off&#8221; border_color=&#8221;#ffffff&#8221; border_style=&#8221;solid&#8221;]<br \/>\n[\/et_pb_image][\/et_pb_column][et_pb_column type=&#8221;1_2&#8243;][et_pb_text admin_label=&#8221;Text&#8221; background_layout=&#8221;light&#8221; text_orientation=&#8221;left&#8221; use_border_color=&#8221;off&#8221; border_color=&#8221;#ffffff&#8221; border_style=&#8221;solid&#8221; header_font=&#8221;Raleway Light||||&#8221; header_text_color=&#8221;#2ab8b8&#8243;]<\/p>\n<h1>Bienvenidos a Dento<\/h1>\n<p style=\"text-align: justify;\">Nuestra <strong>cl\u00ednica odontol<\/strong><strong>\u00f3<\/strong><strong>gica<\/strong> se dedica a brindar atenci\u00f3n odontol\u00f3gica especializada e integral, para ofrecer las mejores y m\u00e1s adecuadas opciones de tratamiento a nuestros pacientes. Contamos con un grupo de odont\u00f3logos con formaci\u00f3n acad\u00e9mica\u00a0 de cuarto nivel especializada. Un equipo humano con amplia experiencia e incuestionable vocaci\u00f3n, comprometidos con lo que nos gusta hacer: <strong>Odontolog\u00eda de alta calidad.<\/strong><\/p>\n<p>[\/et_pb_text][\/et_pb_column][\/et_pb_row][\/et_pb_section][et_pb_section admin_label=&#8221;Section&#8221; fullwidth=&#8221;off&#8221; specialty=&#8221;off&#8221; transparent_background=&#8221;off&#8221; background_color=&#8221;#fafafa&#8221; allow_player_pause=&#8221;off&#8221; inner_shadow=&#8221;on&#8221; parallax=&#8221;off&#8221; parallax_method=&#8221;off&#8221; padding_mobile=&#8221;off&#8221; make_fullwidth=&#8221;off&#8221; use_custom_width=&#8221;off&#8221; width_unit=&#8221;on&#8221; make_equal=&#8221;off&#8221; use_custom_gutter=&#8221;off&#8221;][et_pb_row admin_label=&#8221;Row&#8221; make_fullwidth=&#8221;off&#8221; use_custom_width=&#8221;off&#8221; width_unit=&#8221;on&#8221; use_custom_gutter=&#8221;off&#8221; padding_mobile=&#8221;off&#8221; allow_player_pause=&#8221;off&#8221; parallax=&#8221;off&#8221; parallax_method=&#8221;off&#8221; make_equal=&#8221;on&#8221; parallax_1=&#8221;off&#8221; parallax_method_1=&#8221;off&#8221; parallax_2=&#8221;off&#8221; parallax_method_2=&#8221;off&#8221; parallax_3=&#8221;off&#8221; parallax_method_3=&#8221;off&#8221; column_padding_mobile=&#8221;on&#8221;][et_pb_column type=&#8221;1_3&#8243;][et_pb_text admin_label=&#8221;Text&#8221; background_layout=&#8221;light&#8221; text_orientation=&#8221;left&#8221; use_border_color=&#8221;off&#8221; border_color=&#8221;#ffffff&#8221; border_style=&#8221;solid&#8221;]<\/p>\n<h3><span style=\"color: #2ab8b8;\">Misi\u00f3n<\/span><\/h3>\n<p style=\"text-align: justify;\">Ser una <strong>cl<\/strong><strong>\u00ed<\/strong><strong>nica <\/strong><strong>odontol\u00f3gica<\/strong> l\u00edder que brinde atenci\u00f3n odontol\u00f3gica integral y especializada a cada paciente. Ser reconocidos como grupo, por nuestra calidad humana y \u00e9tica profesional. Ser un centro de referencia en el cuidado de la salud bucal de todos los pacientes que soliciten nuestros servicios.<\/p>\n<p>[\/et_pb_text][\/et_pb_column][et_pb_column type=&#8221;1_3&#8243;][et_pb_text admin_label=&#8221;Text&#8221; background_layout=&#8221;light&#8221; text_orientation=&#8221;left&#8221; use_border_color=&#8221;off&#8221; border_color=&#8221;#ffffff&#8221; border_style=&#8221;solid&#8221;]<\/p>\n<h3><span style=\"color: #2ab8b8;\">Visi\u00f3n<\/span><\/h3>\n<p style=\"text-align: justify;\">Odont\u00f3logos Especializados en cada \u00e1rea de la odontolog\u00eda, en continua actualizaci\u00f3n, trabajando en equipo de manera interdisciplinaria para ofrecer tratamientos odontol\u00f3gicos de calidad, en una <strong>cl<\/strong><strong>\u00ed<\/strong><strong>nica <\/strong><strong>odontol\u00f3gica<\/strong> que cuenta con todas las instalaciones y equipos para dicho fin, un personal preparado y en un ambiente confortable para que los pacientes se sientan seguros, tranquilos y sobre todo bien atendidos.<\/p>\n<p>[\/et_pb_text][\/et_pb_column][et_pb_column type=&#8221;1_3&#8243;][et_pb_text admin_label=&#8221;Text&#8221; background_layout=&#8221;light&#8221; text_orientation=&#8221;left&#8221; use_border_color=&#8221;off&#8221; border_color=&#8221;#ffffff&#8221; border_style=&#8221;solid&#8221;]<\/p>\n<h3><span style=\"color: #2ab8b8;\">Valores<\/span><\/h3>\n<ul>\n<li>Puntualidad<\/li>\n<li>Calidad<\/li>\n<li>Responsabilidad<\/li>\n<li>Seguridad<\/li>\n<li>Trabajo en equipo<\/li>\n<li>\u00c9tica profesional.<\/li>\n<\/ul>\n<p>[\/et_pb_text][\/et_pb_column][\/et_pb_row][\/et_pb_section][et_pb_section admin_label=&#8221;Section&#8221; fullwidth=&#8221;off&#8221; specialty=&#8221;off&#8221; background_image=&#8221;http:\/\/www.dento.com.ve\/wp-content\/uploads\/2016\/10\/dentistas-fondo.jpg&#8221; transparent_background=&#8221;off&#8221; allow_player_pause=&#8221;off&#8221; inner_shadow=&#8221;off&#8221; parallax=&#8221;on&#8221; parallax_method=&#8221;off&#8221; padding_mobile=&#8221;off&#8221; make_fullwidth=&#8221;off&#8221; use_custom_width=&#8221;off&#8221; width_unit=&#8221;on&#8221; make_equal=&#8221;off&#8221; use_custom_gutter=&#8221;off&#8221;][et_pb_row admin_label=&#8221;Row&#8221;][et_pb_column type=&#8221;4_4&#8243;][et_pb_text admin_label=&#8221;Text&#8221; background_layout=&#8221;light&#8221; text_orientation=&#8221;left&#8221; use_border_color=&#8221;off&#8221; border_color=&#8221;#ffffff&#8221; border_style=&#8221;solid&#8221; text_text_color=&#8221;#ffffff&#8221; header_font=&#8221;Raleway Light||||&#8221;]<\/p>\n<h1 style=\"text-align: center; color: #fff;\">Especialistas<\/h1>\n<p>[\/et_pb_text][\/et_pb_column][\/et_pb_row][et_pb_row admin_label=&#8221;Row&#8221; make_fullwidth=&#8221;off&#8221; use_custom_width=&#8221;off&#8221; width_unit=&#8221;on&#8221; use_custom_gutter=&#8221;off&#8221; padding_mobile=&#8221;off&#8221; allow_player_pause=&#8221;off&#8221; parallax=&#8221;off&#8221; parallax_method=&#8221;off&#8221; make_equal=&#8221;on&#8221; parallax_1=&#8221;off&#8221; parallax_method_1=&#8221;off&#8221; parallax_2=&#8221;off&#8221; parallax_method_2=&#8221;off&#8221; parallax_3=&#8221;off&#8221; parallax_method_3=&#8221;off&#8221; column_padding_mobile=&#8221;on&#8221; custom_css_main_element=&#8221;color: #fff;&#8221;][et_pb_column type=&#8221;1_3&#8243;][et_pb_team_member admin_label=&#8221;Person&#8221; name=&#8221;Dra. Elibert Da Silva&#8221; animation=&#8221;off&#8221; background_layout=&#8221;light&#8221; use_border_color=&#8221;off&#8221; border_color=&#8221;#ffffff&#8221; border_style=&#8221;solid&#8221; header_text_color=&#8221;#ffffff&#8221; custom_padding=&#8221;20px|20px|20px|20px&#8221; header_font=&#8221;Open Sans|on|||&#8221; header_font_size=&#8221;24&#8243; custom_css_title=&#8221;padding-bottom:20px;&#8221; custom_css_main_element=&#8221;background-color: rgba(255, 255, 255, 0.25);&#8221; image_url=&#8221;http:\/\/www.dento.com.ve\/wp-content\/uploads\/2016\/10\/Elibert-Da-Silva.png&#8221;]<\/p>\n<p>Odont\u00f3logo UCV.<br \/>\nEspecialista en\u00a0<strong>Prostodoncia<\/strong>\u00a0UCV.<\/p>\n<p>[\/et_pb_team_member][et_pb_team_member admin_label=&#8221;Person&#8221; name=&#8221;Dr. Isidoro Ortiz&#8221; animation=&#8221;off&#8221; background_layout=&#8221;light&#8221; use_border_color=&#8221;off&#8221; border_color=&#8221;#ffffff&#8221; border_style=&#8221;solid&#8221; header_text_color=&#8221;#ffffff&#8221; custom_padding=&#8221;20px|20px|20px|20px&#8221; header_font=&#8221;Open Sans|on|||&#8221; header_font_size=&#8221;24&#8243; custom_css_title=&#8221;padding-bottom:20px;&#8221; custom_css_main_element=&#8221;background-color: rgba(255, 255, 255, 0.25);&#8221; image_url=&#8221;http:\/\/www.dento.com.ve\/wp-content\/uploads\/2019\/02\/LOGO-DENTO.png&#8221;]<\/p>\n<p>Odont\u00f3logo UCV.<br \/>\nEspecialista en <strong title=\"Cirugia Bucal\">Cirugia Bucal<\/strong> UCV.<br \/>\nMiembro de la Sociedad Venezolana de Cirug\u00eda Bucomaxilofacial.<\/p>\n<p>[\/et_pb_team_member][\/et_pb_column][et_pb_column type=&#8221;1_3&#8243;][et_pb_team_member admin_label=&#8221;Person&#8221; name=&#8221;Dr. Juan Goncalves&#8221; animation=&#8221;off&#8221; background_layout=&#8221;light&#8221; use_border_color=&#8221;off&#8221; border_color=&#8221;#ffffff&#8221; border_style=&#8221;solid&#8221; header_text_color=&#8221;#ffffff&#8221; custom_padding=&#8221;20px|20px|20px|20px&#8221; header_font=&#8221;Open Sans|on|||&#8221; header_font_size=&#8221;24&#8243; custom_css_title=&#8221;padding-bottom:20px;&#8221; custom_css_main_element=&#8221;background-color: rgba(255, 255, 255, 0.25);&#8221; image_url=&#8221;http:\/\/www.dento.com.ve\/wp-content\/uploads\/2016\/10\/Juan-Goncalves.png&#8221;]<\/p>\n<p>Odont\u00f3logo UCV.<br \/>\nEspecialista en\u00a0<strong>Endodoncia<\/strong>\u00a0UCV.<br \/>\nPresidente de la Sociedad Venezolana de Endodoncia.<\/p>\n<p>[\/et_pb_team_member][et_pb_team_member admin_label=&#8221;Person&#8221; name=&#8221;Dra. Tahide Nieves&#8221; animation=&#8221;off&#8221; background_layout=&#8221;light&#8221; use_border_color=&#8221;off&#8221; border_color=&#8221;#ffffff&#8221; border_style=&#8221;solid&#8221; header_text_color=&#8221;#ffffff&#8221; custom_padding=&#8221;20px|20px|20px|20px&#8221; header_font=&#8221;Open Sans|on|||&#8221; header_font_size=&#8221;24&#8243; custom_css_title=&#8221;padding-bottom:20px;&#8221; custom_css_main_element=&#8221;background-color: rgba(255, 255, 255, 0.25);&#8221; image_url=&#8221;http:\/\/www.dento.com.ve\/wp-content\/uploads\/2016\/10\/Tahide-Nieves.png&#8221;]<\/p>\n<p>Odont\u00f3logo UCV.<br \/>\nEspecialista en\u00a0<strong>Ortodoncia <\/strong>UCV.<\/p>\n<p>[\/et_pb_team_member][\/et_pb_column][et_pb_column type=&#8221;1_3&#8243;][et_pb_team_member admin_label=&#8221;Person&#8221; name=&#8221;Dra. Jacqueline Greco&#8221; animation=&#8221;off&#8221; background_layout=&#8221;light&#8221; use_border_color=&#8221;off&#8221; border_color=&#8221;#ffffff&#8221; border_style=&#8221;solid&#8221; header_text_color=&#8221;#ffffff&#8221; custom_padding=&#8221;20px|20px|20px|20px&#8221; header_font=&#8221;Open Sans|on|||&#8221; header_font_size=&#8221;24&#8243; custom_css_title=&#8221;padding-bottom:20px;&#8221; custom_css_main_element=&#8221;background-color: rgba(255, 255, 255, 0.25);&#8221; image_url=&#8221;http:\/\/www.dento.com.ve\/wp-content\/uploads\/2016\/10\/Jacqueline-Greco.png&#8221;]<\/p>\n<p>Odont\u00f3logo UCV.<br \/>\nEspecialista en\u00a0<strong>Cirugia Bucal<\/strong>.<br \/>\nMiembro de la Sociedad Venezolana de Cirugia Bucomaxilofacial.<\/p>\n<p>[\/et_pb_team_member][et_pb_team_member admin_label=&#8221;Person&#8221; name=&#8221;Dr. Pablo Haiek-Diez&#8221; animation=&#8221;off&#8221; background_layout=&#8221;light&#8221; use_border_color=&#8221;off&#8221; border_color=&#8221;#ffffff&#8221; border_style=&#8221;solid&#8221; header_text_color=&#8221;#ffffff&#8221; custom_padding=&#8221;20px|20px|20px|20px&#8221; header_font=&#8221;Open Sans|on|||&#8221; header_font_size=&#8221;24&#8243; custom_css_title=&#8221;padding-bottom:20px;&#8221; custom_css_main_element=&#8221;background-color: rgba(255, 255, 255, 0.25);&#8221; image_url=&#8221;http:\/\/www.dento.com.ve\/wp-content\/uploads\/2019\/02\/LOGO-DENTO.png&#8221;]<\/p>\n<p>Odont\u00f3logo UCV.<br \/>\nPostgrado en Periodoncia Universidad de Buenos Aires.<\/p>\n<p>[\/et_pb_team_member][\/et_pb_column][\/et_pb_row][\/et_pb_section][et_pb_section admin_label=&#8221;section&#8221;][et_pb_row admin_label=&#8221;row&#8221;][et_pb_column type=&#8221;4_4&#8243;][et_pb_text admin_label=&#8221;Text&#8221; background_layout=&#8221;light&#8221; text_orientation=&#8221;center&#8221; text_font_size=&#8221;18&#8243; text_text_color=&#8221;#ffffff&#8221; use_border_color=&#8221;off&#8221; border_color=&#8221;#ffffff&#8221; border_style=&#8221;solid&#8221; header_font_size=&#8221;36px&#8221; custom_margin=&#8221;30px|||&#8221; header_font=&#8221;Raleway Light||||&#8221; header_text_color=&#8221;#2ab8b8&#8243;]<\/p>\n<h1>Galer\u00eda<\/h1>\n<p>[\/et_pb_text][et_pb_gallery admin_label=&#8221;Gallery&#8221; gallery_ids=&#8221;445,446,447,448,449,523,450,451,452&#8243; fullwidth=&#8221;off&#8221; show_title_and_caption=&#8221;off&#8221; show_pagination=&#8221;off&#8221; background_layout=&#8221;light&#8221; auto=&#8221;off&#8221; hover_overlay_color=&#8221;rgba(255,255,255,0.9)&#8221; caption_all_caps=&#8221;off&#8221; use_border_color=&#8221;off&#8221; border_color=&#8221;#ffffff&#8221; border_style=&#8221;solid&#8221; posts_number=&#8221;9&#8243;]<br \/>\n[\/et_pb_gallery][\/et_pb_column][\/et_pb_row][\/et_pb_section][et_pb_section admin_label=&#8221;section&#8221; transparent_background=&#8221;off&#8221; allow_player_pause=&#8221;off&#8221; inner_shadow=&#8221;on&#8221; parallax=&#8221;off&#8221; parallax_method=&#8221;off&#8221; custom_padding=&#8221;0px|||&#8221; padding_mobile=&#8221;off&#8221; make_fullwidth=&#8221;off&#8221; use_custom_width=&#8221;off&#8221; width_unit=&#8221;on&#8221; make_equal=&#8221;off&#8221; use_custom_gutter=&#8221;off&#8221; background_color=&#8221;#fafafa&#8221;][et_pb_row admin_label=&#8221;Row&#8221; make_fullwidth=&#8221;off&#8221; use_custom_width=&#8221;off&#8221; width_unit=&#8221;on&#8221; use_custom_gutter=&#8221;off&#8221; custom_padding=&#8221;50px|||&#8221; padding_mobile=&#8221;off&#8221; allow_player_pause=&#8221;off&#8221; parallax=&#8221;off&#8221; parallax_method=&#8221;off&#8221; make_equal=&#8221;off&#8221; parallax_1=&#8221;off&#8221; parallax_method_1=&#8221;off&#8221; column_padding_mobile=&#8221;on&#8221;][et_pb_column type=&#8221;4_4&#8243;][et_pb_text admin_label=&#8221;Text&#8221; background_layout=&#8221;light&#8221; text_orientation=&#8221;center&#8221; text_font_size=&#8221;18&#8243; text_text_color=&#8221;#ffffff&#8221; use_border_color=&#8221;off&#8221; border_color=&#8221;#ffffff&#8221; border_style=&#8221;solid&#8221; header_font_size=&#8221;36px&#8221; custom_margin=&#8221;30px|||&#8221; header_font=&#8221;Raleway Light||||&#8221; header_text_color=&#8221;#2ab8b8&#8243;]<\/p>\n<h1>Nuestros pacientes comentan<\/h1>\n<p>[\/et_pb_text][\/et_pb_column][\/et_pb_row][et_pb_row admin_label=&#8221;Row&#8221;][et_pb_column type=&#8221;1_3&#8243;][et_pb_testimonial admin_label=&#8221;Testimonial&#8221; author=&#8221;Mercedes Contreras&#8221; url_new_window=&#8221;off&#8221; quote_icon=&#8221;on&#8221; use_background_color=&#8221;off&#8221; background_color=&#8221;#f5f5f5&#8243; background_layout=&#8221;light&#8221; text_orientation=&#8221;left&#8221; use_border_color=&#8221;off&#8221; border_color=&#8221;#ffffff&#8221; border_style=&#8221;solid&#8221;]<\/p>\n<p style=\"text-align: justify;\">Centro donde desde tu llegada, se esmeran en una atenci\u00f3n humana y profesional brindando un cuidado integral, con un equipo de profesionales en constante actualizaci\u00f3n y\u00a0especializado que se esmera en lo funcional y lo est\u00e9tico, en cada caso particular.<br \/>\nCada profesional te explica sencilla y detalladamente cada procedimiento, atentos al aspecto emocional, con m\u00fasica adecuada y abrigo de ser necesario que disminuye tu \u00a0estr\u00e9s, tensi\u00f3n o temor.<br \/>\nAtentos a tus necesidades se extienden con servicio telef\u00f3nico ante cualquier duda o evento.<br \/>\nPersonalmente agradezco su atenci\u00f3n y la amistad brindada.<br \/>\nDios les bendiga a todos.<\/p>\n<p>[\/et_pb_testimonial][\/et_pb_column][et_pb_column type=&#8221;1_3&#8243;][et_pb_testimonial admin_label=&#8221;Testimonial&#8221; author=&#8221;Teodora Ter\u00e1n&#8221; url_new_window=&#8221;off&#8221; quote_icon=&#8221;on&#8221; use_background_color=&#8221;off&#8221; background_color=&#8221;#f5f5f5&#8243; background_layout=&#8221;light&#8221; text_orientation=&#8221;left&#8221; use_border_color=&#8221;off&#8221; border_color=&#8221;#ffffff&#8221; border_style=&#8221;solid&#8221;]<\/p>\n<p style=\"text-align: justify;\">Quiero expresar lo maravilloso que fue para m\u00ed, haber sido paciente de la Dra. Elibert Da Silva y el Dr. Juan Gonvalves, les estar\u00e9 eternamente agradecida por todo lo que me ayudaron&#8230; Con el trabajo que realizaron en mi boca, me hacen sentir segura y c\u00f3moda con mi sonrisa&#8230; El a\u00f1o pasado se me present\u00f3 un inconveniente con los dos incisivos centrales y el incisivo lateral derecho, por tal motivo tuve que acudir a una consulta odontol\u00f3gica con la Dra. Elibert \u00a0Da Silva.\u00a0 Ella amablemente me atendi\u00f3, y me explic\u00f3 el proceso al que deber\u00eda someterme para solucionar el problema con mis dientes. Al principio fue dif\u00edcil para m\u00ed, porque el incisivo lateral derecho deb\u00eda ser extra\u00eddo, y despu\u00e9s colocar un implante, y a los dos incisivos centrales hab\u00eda que hacerles tratamiento de endodoncia, para lo cual la doctora me recomend\u00f3 al Dr. Juan Gonvalves, que particularmente para m\u00ed es el mejor en su especialidad. Luego de extraerse el incisivo lateral, colocar el implante y realizar el tratamiento de conducto en ambos dientes, la Dra. Elibert Da Silva, hizo magia con sus manos, se dedic\u00f3 a hacerme las tres coronas, y a que todo el proceso fuera lo m\u00e1s c\u00f3modo para m\u00ed, el color y la forma de las coronas quedaron tan natural, que mi sonrisa se ve hermosa, es decir el resultado fue fant\u00e1stico.<\/p>\n<p>[\/et_pb_testimonial][\/et_pb_column][et_pb_column type=&#8221;1_3&#8243;][et_pb_testimonial admin_label=&#8221;Testimonial&#8221; author=&#8221;Mar\u00eda del Rosario Felipe (Charo)&#8221; url_new_window=&#8221;off&#8221; quote_icon=&#8221;on&#8221; use_background_color=&#8221;off&#8221; background_color=&#8221;#f5f5f5&#8243; background_layout=&#8221;light&#8221; text_orientation=&#8221;left&#8221; use_border_color=&#8221;off&#8221; border_color=&#8221;#ffffff&#8221; border_style=&#8221;solid&#8221;]<\/p>\n<p style=\"text-align: justify;\">Lo que m\u00e1s me gust\u00f3 de Grupo Dento es que es un lugar que cuenta con un personal calificado que brinda un trato amable y respetuoso a sus pacientes, se destaca por su orden y por demostrar una calidad humana por todo su equipo de trabajo.<br \/>\nEl servicio que me prest\u00f3 el Grupo Dento es excelente y me demostr\u00f3 el compromiso y seriedad con la que realizan su labor, siempre pendiente de que uno se sienta a gusto.<br \/>\nVolver\u00eda a la cl\u00ednica por su personal id\u00f3neo tanto asistencial como administrativo, quiero resaltar que es un lugar donde se ve reflejado el profesionalismo teniendo como finalidad la tranquilidad y satisfacci\u00f3n.<br \/>\nMi familia y yo, somos parte de la familia del Grupo Dento.<\/p>\n<p>[\/et_pb_testimonial][\/et_pb_column][\/et_pb_row][\/et_pb_section]<\/p>\n","protected":false},"excerpt":{"rendered":"<p>Bienvenidos a Dento Nuestra cl\u00ednica odontol\u00f3gica se dedica a brindar atenci\u00f3n odontol\u00f3gica especializada e integral, para ofrecer las mejores y m\u00e1s adecuadas opciones de tratamiento a nuestros pacientes. Contamos con un grupo de odont\u00f3logos con formaci\u00f3n acad\u00e9mica\u00a0 de cuarto nivel especializada. Un equipo humano con amplia experiencia e incuestionable vocaci\u00f3n, comprometidos con lo que nos [&hellip;]<\/p>\n","protected":false},"author":2,"featured_media":0,"parent":0,"menu_order":0,"comment_status":"closed","ping_status":"closed","template":"","meta":{"_et_pb_use_builder":"on","_et_pb_old_content":"","_et_gb_content_width":"","footnotes":""},"class_list":["post-67","page","type-page","status-publish","hentry"],"yoast_head":"<!-- This site is optimized with the Yoast SEO plugin v28.4 - https:\/\/yoast.com\/product\/yoast-seo-wordpress\/ -->\n<title>Cl\u00ednica odontol\u00f3gica Caracas - Especialista Odontol\u00f3gica Dento<\/title>\n<meta name=\"description\" content=\"Ser una cl\u00ednica odontol\u00f3gica l\u00edder que brinde atenci\u00f3n odontol\u00f3gica integral y especializada a cada paciente. Tenemos: Especialista en Prostodoncia, Endodoncia, Cirugia Bucal, Periodoncia, Ortodoncia\" \/>\n<meta name=\"robots\" content=\"noindex, follow, max-snippet:-1, max-image-preview:large, max-video-preview:-1\" \/>\n<meta property=\"og:locale\" content=\"en_US\" \/>\n<meta property=\"og:type\" content=\"article\" \/>\n<meta property=\"og:title\" content=\"Cl\u00ednica odontol\u00f3gica Caracas - Especialista Odontol\u00f3gica Dento\" \/>\n<meta property=\"og:description\" content=\"Ser una cl\u00ednica odontol\u00f3gica l\u00edder que brinde atenci\u00f3n odontol\u00f3gica integral y especializada a cada paciente. Tenemos: Especialista en Prostodoncia, Endodoncia, Cirugia Bucal, Periodoncia, Ortodoncia\" \/>\n<meta property=\"og:url\" content=\"https:\/\/dento.com.ve\/stage1\/especialista-clinica-odontologica-caracas\/\" \/>\n<meta property=\"og:site_name\" content=\"Dento\" \/>\n<meta property=\"article:modified_time\" content=\"2019-02-28T16:52:43+00:00\" \/>\n<meta name=\"twitter:card\" content=\"summary_large_image\" \/>\n<meta name=\"twitter:label1\" content=\"Est. reading time\" \/>\n\t<meta name=\"twitter:data1\" content=\"12 minutes\" \/>\n<script type=\"application\/ld+json\" class=\"yoast-schema-graph\">{\"@context\":\"https:\\\/\\\/schema.org\",\"@graph\":[{\"@type\":\"WebPage\",\"@id\":\"https:\\\/\\\/dento.com.ve\\\/stage1\\\/especialista-clinica-odontologica-caracas\\\/\",\"url\":\"https:\\\/\\\/dento.com.ve\\\/stage1\\\/especialista-clinica-odontologica-caracas\\\/\",\"name\":\"Cl\u00ednica odontol\u00f3gica Caracas - Especialista Odontol\u00f3gica Dento\",\"isPartOf\":{\"@id\":\"https:\\\/\\\/dento.com.ve\\\/stage1\\\/#website\"},\"datePublished\":\"2016-10-14T16:22:47+00:00\",\"dateModified\":\"2019-02-28T16:52:43+00:00\",\"description\":\"Ser una cl\u00ednica odontol\u00f3gica l\u00edder que brinde atenci\u00f3n odontol\u00f3gica integral y especializada a cada paciente. Tenemos: Especialista en Prostodoncia, Endodoncia, Cirugia Bucal, Periodoncia, Ortodoncia\",\"breadcrumb\":{\"@id\":\"https:\\\/\\\/dento.com.ve\\\/stage1\\\/especialista-clinica-odontologica-caracas\\\/#breadcrumb\"},\"inLanguage\":\"en-US\",\"potentialAction\":[{\"@type\":\"ReadAction\",\"target\":[\"https:\\\/\\\/dento.com.ve\\\/stage1\\\/especialista-clinica-odontologica-caracas\\\/\"]}]},{\"@type\":\"BreadcrumbList\",\"@id\":\"https:\\\/\\\/dento.com.ve\\\/stage1\\\/especialista-clinica-odontologica-caracas\\\/#breadcrumb\",\"itemListElement\":[{\"@type\":\"ListItem\",\"position\":1,\"name\":\"Inicio\",\"item\":\"https:\\\/\\\/dento.com.ve\\\/stage1\\\/\"},{\"@type\":\"ListItem\",\"position\":2,\"name\":\"Nosotros\"}]},{\"@type\":\"WebSite\",\"@id\":\"https:\\\/\\\/dento.com.ve\\\/stage1\\\/#website\",\"url\":\"https:\\\/\\\/dento.com.ve\\\/stage1\\\/\",\"name\":\"Dento\",\"description\":\"Otro sitio realizado con WordPress\",\"potentialAction\":[{\"@type\":\"SearchAction\",\"target\":{\"@type\":\"EntryPoint\",\"urlTemplate\":\"https:\\\/\\\/dento.com.ve\\\/stage1\\\/?s={search_term_string}\"},\"query-input\":{\"@type\":\"PropertyValueSpecification\",\"valueRequired\":true,\"valueName\":\"search_term_string\"}}],\"inLanguage\":\"en-US\"}]}<\/script>\n<!-- \/ Yoast SEO plugin. -->","yoast_head_json":{"title":"Cl\u00ednica odontol\u00f3gica Caracas - Especialista Odontol\u00f3gica Dento","description":"Ser una cl\u00ednica odontol\u00f3gica l\u00edder que brinde atenci\u00f3n odontol\u00f3gica integral y especializada a cada paciente. Tenemos: Especialista en Prostodoncia, Endodoncia, Cirugia Bucal, Periodoncia, Ortodoncia","robots":{"index":"noindex","follow":"follow","max-snippet":"max-snippet:-1","max-image-preview":"max-image-preview:large","max-video-preview":"max-video-preview:-1"},"og_locale":"en_US","og_type":"article","og_title":"Cl\u00ednica odontol\u00f3gica Caracas - Especialista Odontol\u00f3gica Dento","og_description":"Ser una cl\u00ednica odontol\u00f3gica l\u00edder que brinde atenci\u00f3n odontol\u00f3gica integral y especializada a cada paciente. Tenemos: Especialista en Prostodoncia, Endodoncia, Cirugia Bucal, Periodoncia, Ortodoncia","og_url":"https:\/\/dento.com.ve\/stage1\/especialista-clinica-odontologica-caracas\/","og_site_name":"Dento","article_modified_time":"2019-02-28T16:52:43+00:00","twitter_card":"summary_large_image","twitter_misc":{"Est. reading time":"12 minutes"},"schema":{"@context":"https:\/\/schema.org","@graph":[{"@type":"WebPage","@id":"https:\/\/dento.com.ve\/stage1\/especialista-clinica-odontologica-caracas\/","url":"https:\/\/dento.com.ve\/stage1\/especialista-clinica-odontologica-caracas\/","name":"Cl\u00ednica odontol\u00f3gica Caracas - Especialista Odontol\u00f3gica Dento","isPartOf":{"@id":"https:\/\/dento.com.ve\/stage1\/#website"},"datePublished":"2016-10-14T16:22:47+00:00","dateModified":"2019-02-28T16:52:43+00:00","description":"Ser una cl\u00ednica odontol\u00f3gica l\u00edder que brinde atenci\u00f3n odontol\u00f3gica integral y especializada a cada paciente. Tenemos: Especialista en Prostodoncia, Endodoncia, Cirugia Bucal, Periodoncia, Ortodoncia","breadcrumb":{"@id":"https:\/\/dento.com.ve\/stage1\/especialista-clinica-odontologica-caracas\/#breadcrumb"},"inLanguage":"en-US","potentialAction":[{"@type":"ReadAction","target":["https:\/\/dento.com.ve\/stage1\/especialista-clinica-odontologica-caracas\/"]}]},{"@type":"BreadcrumbList","@id":"https:\/\/dento.com.ve\/stage1\/especialista-clinica-odontologica-caracas\/#breadcrumb","itemListElement":[{"@type":"ListItem","position":1,"name":"Inicio","item":"https:\/\/dento.com.ve\/stage1\/"},{"@type":"ListItem","position":2,"name":"Nosotros"}]},{"@type":"WebSite","@id":"https:\/\/dento.com.ve\/stage1\/#website","url":"https:\/\/dento.com.ve\/stage1\/","name":"Dento","description":"Otro sitio realizado con WordPress","potentialAction":[{"@type":"SearchAction","target":{"@type":"EntryPoint","urlTemplate":"https:\/\/dento.com.ve\/stage1\/?s={search_term_string}"},"query-input":{"@type":"PropertyValueSpecification","valueRequired":true,"valueName":"search_term_string"}}],"inLanguage":"en-US"}]}},"_links":{"self":[{"href":"https:\/\/dento.com.ve\/stage1\/wp-json\/wp\/v2\/pages\/67","targetHints":{"allow":["GET"]}}],"collection":[{"href":"https:\/\/dento.com.ve\/stage1\/wp-json\/wp\/v2\/pages"}],"about":[{"href":"https:\/\/dento.com.ve\/stage1\/wp-json\/wp\/v2\/types\/page"}],"author":[{"embeddable":true,"href":"https:\/\/dento.com.ve\/stage1\/wp-json\/wp\/v2\/users\/2"}],"replies":[{"embeddable":true,"href":"https:\/\/dento.com.ve\/stage1\/wp-json\/wp\/v2\/comments?post=67"}],"version-history":[{"count":70,"href":"https:\/\/dento.com.ve\/stage1\/wp-json\/wp\/v2\/pages\/67\/revisions"}],"predecessor-version":[{"id":524,"href":"https:\/\/dento.com.ve\/stage1\/wp-json\/wp\/v2\/pages\/67\/revisions\/524"}],"wp:attachment":[{"href":"https:\/\/dento.com.ve\/stage1\/wp-json\/wp\/v2\/media?parent=67"}],"curies":[{"name":"wp","href":"https:\/\/api.w.org\/{rel}","templated":true}]}}